{"id":2872,"date":"2019-04-01T13:11:13","date_gmt":"2019-04-01T13:11:13","guid":{"rendered":"http:\/\/www.vigiasdelmediterraneo.com\/vdm\/?page_id=2872"},"modified":"2019-04-01T21:09:18","modified_gmt":"2019-04-01T21:09:18","slug":"torre-cap-de-roig","status":"publish","type":"page","link":"http:\/\/www.vigiasdelmediterraneo.com\/vdm\/torres\/torre-cap-de-roig\/","title":{"rendered":"Torre Cap de Roig"},"content":{"rendered":"<div class=\"tx-row tx-fullwidthrow tx-fwidth\" style=\"\"><div class=\"tx-fw-inner\" style=\"background-color: #ffffff; height: 250px; background-image: url(http:\/\/www.vigiasdelmediterraneo.com\/vdm\/wp-content\/uploads\/2019\/03\/B02.jpg); background-attachment: scroll; background-size: cover; \"><div class=\"tx-fw-overlay\" style=\"padding-bottom:0px; padding-top:0px; background-color: rgba(0,0,0,0.1);\"><div class=\"tx-fw-content\"><\/div><\/div><\/div><\/div>\n<div class=\"tx-row tx-fullwidthrow tx-fwidth\" style=\"\"><div class=\"tx-fw-inner\" style=\"background-color: #000; background-attachment: fixed; background-size: cover; \"><div class=\"tx-fw-overlay\" style=\"padding-bottom:32px; padding-top:32px; background-color: rgba(0,0,0,0.9);\"><div class=\"tx-fw-content\">\n<div class=\"tx-row \">\n<div class=\"tx-column tx-column-size-1-4\">\n<p><span style=\"color: #ffcc00;\"><strong><span style=\"color: #f69e05;\">Tambi\u00e9n llamada<br \/>\n<\/span><\/strong><\/span>Torre de la Horadada<\/p>\n<p><span style=\"color: #ffcc00;\"><span style=\"color: #f69e05;\"><strong>Est\u00e1 en<br \/>\n<\/strong><\/span><\/span>Torre de Caproig, Torre del Cabo Rochen<br \/>\nOrihuela<br \/>\nVega Baja del Segura<br \/>\nAlicante<br \/>\nComunidad Valenciana<br \/>\nEspa\u00f1a<\/p>\n<p><span style=\"color: #ffcc00;\"><strong><span style=\"color: #f69e05;\">\u00c9poca<br \/>\n<\/span><\/strong><\/span>Siglo XVI<\/p>\n<p><strong><span style=\"color: #f69e05;\">Se comunica con<br \/>\n<\/span><\/strong>N &#8211; Torre Vella de les Salines Torrevieja &#8211; 7,1 km<br \/>\nS &#8211; Torre de La Foradada &#8211; 5,6 km<\/p>\n<p><strong><span style=\"color: #f69e05;\">Estado actual<\/span><br \/>\n<\/strong>Restaurada<\/p>\n<\/div>\n<div class=\"tx-column tx-column-size-3-4\">\n<p><a href=\"http:\/\/www.vigiasdelmediterraneo.com\/vdm\/wp-content\/uploads\/2019\/03\/02.jpg\"><img decoding=\"async\" loading=\"lazy\" class=\"alignnone wp-image-1973\" src=\"http:\/\/www.vigiasdelmediterraneo.com\/vdm\/wp-content\/uploads\/2019\/03\/02.jpg\" alt=\"\" width=\"900\" height=\"512\" \/><\/a><\/div>\n<\/div>\n<\/div><\/div><\/div><\/div>\n<p>&nbsp;<\/p>\n<p>La torre de Cap Roig se encuentra en el cabo del mismo nombre. Es de origen isl\u00e1mico, con distintas remodelaciones en \u00e9pocas posteriores.<\/p>\n<p>En 1554 estaba siendo reconstruida por orden del virrey duque de Maqueda que mando que parte de la artiller\u00eda que hab\u00eda en el catillo de Orihuela, fuera trasladada inmediatamente al cap Roig \u201cpues hay all\u00ed el presente m\u00e1s necesidad de ella que en el dicho castillo\u201d. La defend\u00edan 3 guardas, armados con 2 mosquetes y 2 piezas de artiller\u00eda, tambi\u00e9n estaban destacados 2 guardas de caballer\u00eda pagados por Orihuela.<\/p>\n<p>Su Guarnici\u00f3n, en 1787, consist\u00eda en 4 Torreros, 2 de ellos a caballo, 1 Culebrina, 2 Ca\u00f1\u00f3n y 7 fusiles.<\/p>\n<p>&nbsp;<\/p>\n<p style=\"text-align: justify;\"><span style=\"color: #f69e05;\">Torre de cuerpo troncoc\u00f3nico, de unos 12 metros de di\u00e1metro y unos 17 de altura, con 3 plantas y cubierta plana. Dispone de peque\u00f1as aberturas y troneras.<br \/>\n<\/span><\/p>\n<p style=\"text-align: justify;\"><span style=\"color: #f69e05;\">Se conserva, inutilizada, la puerta original, a unos 3 metros de altura, con un arco de medio punto, en la que se pueden observar las marcas de la escalera de cuerda utilizada para acceder a la torre.<br \/>\n<\/span><\/p>\n<p style=\"text-align: justify;\"><span style=\"color: #f69e05;\">Un documento de 1780 describe algunos edificios anexos como las habitaciones del requeridor de Orihuela, establos, patio y capilla.<br \/>\n<\/span><\/p>\n<p style=\"text-align: justify;\"><span style=\"color: #f69e05;\">En las \u00faltimas restauraciones se ha a\u00f1adido, en uno de sus lados, una escalera que lleva al acceso actual y se ha cubierto con una capa de cal blanca lo que desvirt\u00faa su aspecto original.<\/span><\/p>\n<p>&nbsp;<\/p>\n<p style=\"text-align: justify;\"><span style=\"color: #f69e05;\">\u00a0<\/span><\/p>\n<p>&nbsp;<\/p>\n<p>&nbsp;<\/p>\n<div class=\"tx-row \">\n<div class=\"tx-column tx-column-size-1-2\">\n<div data-carousel-extra='{\"blog_id\":1,\"permalink\":\"http:\\\/\\\/www.vigiasdelmediterraneo.com\\\/vdm\\\/torres\\\/torre-cap-de-roig\\\/\"}' class=\"tiled-gallery type-rectangular\" data-original-width=\"604\"><div class=\"gallery-row\" style=\"width: 599px; height: 419px;\"><div class=\"gallery-group images-2\" style=\"width: 315px; height: 423px;\"><div class=\"tiled-gallery-item tiled-gallery-item-large\"><a href=\"http:\/\/www.vigiasdelmediterraneo.com\/vdm\/v002-torre-del-cap-roig-orihuela-fotos-t-5\/\"><img data-attachment-id=\"2857\" data-orig-file=\"http:\/\/www.vigiasdelmediterraneo.com\/vdm\/wp-content\/uploads\/2019\/03\/V002-Torre-del-Cap-Roig-Orihuela-Fotos-T-5.jpg\" data-orig-size=\"2200,1467\" data-comments-opened=\"1\" data-image-meta=\"{&quot;aperture&quot;:&quot;18&quot;,&quot;credit&quot;:&quot;&quot;,&quot;camera&quot;:&quot;Canon EOS 5D Mark II&quot;,&quot;caption&quot;:&quot;&quot;,&quot;created_timestamp&quot;:&quot;1432761244&quot;,&quot;copyright&quot;:&quot;&quot;,&quot;focal_length&quot;:&quot;65&quot;,&quot;iso&quot;:&quot;100&quot;,&quot;shutter_speed&quot;:&quot;1&quot;,&quot;title&quot;:&quot;&quot;,&quot;orientation&quot;:&quot;1&quot;}\" data-image-title=\"V002 Torre del Cap Roig &#8211; Orihuela Fotos T (5)\" data-image-description=\"\" data-medium-file=\"http:\/\/www.vigiasdelmediterraneo.com\/vdm\/wp-content\/uploads\/2019\/03\/V002-Torre-del-Cap-Roig-Orihuela-Fotos-T-5-300x200.jpg\" data-large-file=\"http:\/\/www.vigiasdelmediterraneo.com\/vdm\/wp-content\/uploads\/2019\/03\/V002-Torre-del-Cap-Roig-Orihuela-Fotos-T-5-1024x683.jpg\" src=\"http:\/\/www.vigiasdelmediterraneo.com\/vdm\/wp-content\/uploads\/2019\/03\/V002-Torre-del-Cap-Roig-Orihuela-Fotos-T-5-311x208.jpg\" width=\"311\" height=\"208\" align=\"left\" title=\"V002 Torre del Cap Roig - Orihuela Fotos T (5)\" \/><\/a><\/div><div class=\"tiled-gallery-item tiled-gallery-item-large\"><a href=\"http:\/\/www.vigiasdelmediterraneo.com\/vdm\/v002-torre-del-cap-roig-orihuela-fotos-t-4\/\"><img data-attachment-id=\"2856\" data-orig-file=\"http:\/\/www.vigiasdelmediterraneo.com\/vdm\/wp-content\/uploads\/2019\/03\/V002-Torre-del-Cap-Roig-Orihuela-Fotos-T-4.jpg\" data-orig-size=\"2200,1467\" data-comments-opened=\"1\" data-image-meta=\"{&quot;aperture&quot;:&quot;20&quot;,&quot;credit&quot;:&quot;&quot;,&quot;camera&quot;:&quot;Canon EOS 5D Mark II&quot;,&quot;caption&quot;:&quot;&quot;,&quot;created_timestamp&quot;:&quot;1432761180&quot;,&quot;copyright&quot;:&quot;&quot;,&quot;focal_length&quot;:&quot;105&quot;,&quot;iso&quot;:&quot;100&quot;,&quot;shutter_speed&quot;:&quot;1.6&quot;,&quot;title&quot;:&quot;&quot;,&quot;orientation&quot;:&quot;1&quot;}\" data-image-title=\"V002 Torre del Cap Roig &#8211; Orihuela Fotos T (4)\" data-image-description=\"\" data-medium-file=\"http:\/\/www.vigiasdelmediterraneo.com\/vdm\/wp-content\/uploads\/2019\/03\/V002-Torre-del-Cap-Roig-Orihuela-Fotos-T-4-300x200.jpg\" data-large-file=\"http:\/\/www.vigiasdelmediterraneo.com\/vdm\/wp-content\/uploads\/2019\/03\/V002-Torre-del-Cap-Roig-Orihuela-Fotos-T-4-1024x683.jpg\" src=\"http:\/\/www.vigiasdelmediterraneo.com\/vdm\/wp-content\/uploads\/2019\/03\/V002-Torre-del-Cap-Roig-Orihuela-Fotos-T-4-311x207.jpg\" width=\"311\" height=\"207\" align=\"left\" title=\"V002 Torre del Cap Roig - Orihuela Fotos T (4)\" \/><\/a><\/div><\/div><div class=\"gallery-group images-1\" style=\"width: 284px; height: 423px;\"><div class=\"tiled-gallery-item tiled-gallery-item-large\"><a href=\"http:\/\/www.vigiasdelmediterraneo.com\/vdm\/v002-torre-del-cap-roig-orihuela-fotos-t-3\/\"><img data-attachment-id=\"2855\" data-orig-file=\"http:\/\/www.vigiasdelmediterraneo.com\/vdm\/wp-content\/uploads\/2019\/03\/V002-Torre-del-Cap-Roig-Orihuela-Fotos-T-3.jpg\" data-orig-size=\"1467,2200\" data-comments-opened=\"1\" data-image-meta=\"{&quot;aperture&quot;:&quot;20&quot;,&quot;credit&quot;:&quot;&quot;,&quot;camera&quot;:&quot;Canon EOS 5D Mark II&quot;,&quot;caption&quot;:&quot;&quot;,&quot;created_timestamp&quot;:&quot;1432761101&quot;,&quot;copyright&quot;:&quot;&quot;,&quot;focal_length&quot;:&quot;45&quot;,&quot;iso&quot;:&quot;100&quot;,&quot;shutter_speed&quot;:&quot;2&quot;,&quot;title&quot;:&quot;&quot;,&quot;orientation&quot;:&quot;1&quot;}\" data-image-title=\"V002 Torre del Cap Roig &#8211; Orihuela Fotos T (3)\" data-image-description=\"\" data-medium-file=\"http:\/\/www.vigiasdelmediterraneo.com\/vdm\/wp-content\/uploads\/2019\/03\/V002-Torre-del-Cap-Roig-Orihuela-Fotos-T-3-200x300.jpg\" data-large-file=\"http:\/\/www.vigiasdelmediterraneo.com\/vdm\/wp-content\/uploads\/2019\/03\/V002-Torre-del-Cap-Roig-Orihuela-Fotos-T-3-683x1024.jpg\" src=\"http:\/\/www.vigiasdelmediterraneo.com\/vdm\/wp-content\/uploads\/2019\/03\/V002-Torre-del-Cap-Roig-Orihuela-Fotos-T-3-280x419.jpg\" width=\"280\" height=\"419\" align=\"left\" title=\"V002 Torre del Cap Roig - Orihuela Fotos T (3)\" \/><\/a><\/div><\/div><\/div><\/div>\n<\/div>\n<div class=\"tx-column tx-column-size-1-2\">\n<div data-carousel-extra='{\"blog_id\":1,\"permalink\":\"http:\\\/\\\/www.vigiasdelmediterraneo.com\\\/vdm\\\/torres\\\/torre-cap-de-roig\\\/\"}' class=\"tiled-gallery type-rectangular\" data-original-width=\"604\"><div class=\"gallery-row\" style=\"width: 599px; height: 264px;\"><div class=\"gallery-group images-1\" style=\"width: 363px; height: 268px;\"><div class=\"tiled-gallery-item tiled-gallery-item-large\"><a href=\"http:\/\/www.vigiasdelmediterraneo.com\/vdm\/v002-torre-del-cap-roig-orihuela-fotos-h-1\/\"><img data-attachment-id=\"2852\" data-orig-file=\"http:\/\/www.vigiasdelmediterraneo.com\/vdm\/wp-content\/uploads\/2019\/03\/V002-Torre-del-Cap-Roig-Orihuela-Fotos-H-1.jpg\" data-orig-size=\"2117,1556\" data-comments-opened=\"1\" data-image-meta=\"{&quot;aperture&quot;:&quot;0&quot;,&quot;credit&quot;:&quot;&quot;,&quot;camera&quot;:&quot;&quot;,&quot;caption&quot;:&quot;&quot;,&quot;created_timestamp&quot;:&quot;0&quot;,&quot;copyright&quot;:&quot;&quot;,&quot;focal_length&quot;:&quot;0&quot;,&quot;iso&quot;:&quot;0&quot;,&quot;shutter_speed&quot;:&quot;0&quot;,&quot;title&quot;:&quot;&quot;,&quot;orientation&quot;:&quot;1&quot;}\" data-image-title=\"V002 Torre del Cap Roig &#8211; Orihuela Fotos H 1\" data-image-description=\"\" data-medium-file=\"http:\/\/www.vigiasdelmediterraneo.com\/vdm\/wp-content\/uploads\/2019\/03\/V002-Torre-del-Cap-Roig-Orihuela-Fotos-H-1-300x221.jpg\" data-large-file=\"http:\/\/www.vigiasdelmediterraneo.com\/vdm\/wp-content\/uploads\/2019\/03\/V002-Torre-del-Cap-Roig-Orihuela-Fotos-H-1-1024x753.jpg\" src=\"http:\/\/www.vigiasdelmediterraneo.com\/vdm\/wp-content\/uploads\/2019\/03\/V002-Torre-del-Cap-Roig-Orihuela-Fotos-H-1-359x264.jpg\" width=\"359\" height=\"264\" align=\"left\" title=\"V002 Torre del Cap Roig - Orihuela Fotos H 1\" \/><\/a><\/div><\/div><div class=\"gallery-group images-1\" style=\"width: 236px; height: 268px;\"><div class=\"tiled-gallery-item tiled-gallery-item-small\"><a href=\"http:\/\/www.vigiasdelmediterraneo.com\/vdm\/v002-torre-del-cap-roig-orihuela-fotos-t-1\/\"><img data-attachment-id=\"2853\" data-orig-file=\"http:\/\/www.vigiasdelmediterraneo.com\/vdm\/wp-content\/uploads\/2019\/03\/V002-Torre-del-Cap-Roig-Orihuela-Fotos-T-1.jpg\" data-orig-size=\"1940,2200\" data-comments-opened=\"1\" data-image-meta=\"{&quot;aperture&quot;:&quot;20&quot;,&quot;credit&quot;:&quot;&quot;,&quot;camera&quot;:&quot;Canon EOS 5D Mark II&quot;,&quot;caption&quot;:&quot;&quot;,&quot;created_timestamp&quot;:&quot;1432760971&quot;,&quot;copyright&quot;:&quot;&quot;,&quot;focal_length&quot;:&quot;24&quot;,&quot;iso&quot;:&quot;100&quot;,&quot;shutter_speed&quot;:&quot;0.5&quot;,&quot;title&quot;:&quot;&quot;,&quot;orientation&quot;:&quot;1&quot;}\" data-image-title=\"V002 Torre del Cap Roig &#8211; Orihuela Fotos T (1)\" data-image-description=\"\" data-medium-file=\"http:\/\/www.vigiasdelmediterraneo.com\/vdm\/wp-content\/uploads\/2019\/03\/V002-Torre-del-Cap-Roig-Orihuela-Fotos-T-1-265x300.jpg\" data-large-file=\"http:\/\/www.vigiasdelmediterraneo.com\/vdm\/wp-content\/uploads\/2019\/03\/V002-Torre-del-Cap-Roig-Orihuela-Fotos-T-1-903x1024.jpg\" src=\"http:\/\/www.vigiasdelmediterraneo.com\/vdm\/wp-content\/uploads\/2019\/03\/V002-Torre-del-Cap-Roig-Orihuela-Fotos-T-1-232x264.jpg\" width=\"232\" height=\"264\" align=\"left\" title=\"V002 Torre del Cap Roig - Orihuela Fotos T (1)\" \/><\/a><\/div><\/div><\/div><div class=\"gallery-row\" style=\"width: 599px; height: 794px;\"><div class=\"gallery-group images-1\" style=\"width: 599px; height: 798px;\"><div class=\"tiled-gallery-item tiled-gallery-item-large\"><a href=\"http:\/\/www.vigiasdelmediterraneo.com\/vdm\/v002-torre-del-cap-roig-orihuela-fotos-t-2\/\"><img data-attachment-id=\"2854\" data-orig-file=\"http:\/\/www.vigiasdelmediterraneo.com\/vdm\/wp-content\/uploads\/2019\/03\/V002-Torre-del-Cap-Roig-Orihuela-Fotos-T-2.jpg\" data-orig-size=\"1649,2200\" data-comments-opened=\"1\" data-image-meta=\"{&quot;aperture&quot;:&quot;20&quot;,&quot;credit&quot;:&quot;&quot;,&quot;camera&quot;:&quot;Canon EOS 5D Mark II&quot;,&quot;caption&quot;:&quot;&quot;,&quot;created_timestamp&quot;:&quot;1432761050&quot;,&quot;copyright&quot;:&quot;&quot;,&quot;focal_length&quot;:&quot;28&quot;,&quot;iso&quot;:&quot;100&quot;,&quot;shutter_speed&quot;:&quot;1.3&quot;,&quot;title&quot;:&quot;&quot;,&quot;orientation&quot;:&quot;1&quot;}\" data-image-title=\"V002 Torre del Cap Roig &#8211; Orihuela Fotos T (2)\" data-image-description=\"\" data-medium-file=\"http:\/\/www.vigiasdelmediterraneo.com\/vdm\/wp-content\/uploads\/2019\/03\/V002-Torre-del-Cap-Roig-Orihuela-Fotos-T-2-225x300.jpg\" data-large-file=\"http:\/\/www.vigiasdelmediterraneo.com\/vdm\/wp-content\/uploads\/2019\/03\/V002-Torre-del-Cap-Roig-Orihuela-Fotos-T-2-768x1024.jpg\" src=\"http:\/\/www.vigiasdelmediterraneo.com\/vdm\/wp-content\/uploads\/2019\/03\/V002-Torre-del-Cap-Roig-Orihuela-Fotos-T-2-595x794.jpg\" width=\"595\" height=\"794\" align=\"left\" title=\"V002 Torre del Cap Roig - Orihuela Fotos T (2)\" \/><\/a><\/div><\/div><\/div><\/div>\n<\/div>\n<\/div>\n<div class=\"tx-row  tx-fwidth\" style=\"\"><div class=\"tx-fw-inner\" style=\"background-color: #f69e05; background-attachment: fixed; background-size: cover; \"><div class=\"tx-fw-overlay\" style=\"padding-bottom:15px; padding-top:15px; background-color: rgba(0,0,0,0.1);\"><div class=\"tx-fw-content\"><span style=\"color: #ffffff;\"><strong>GPS<br \/>\n<\/strong><\/span>37\u00b054&#8217;43.8&#8243;N 0\u00b043&#8217;29.4&#8243;W<br \/>\n37.912155, -0.724845<\/div><\/div><\/div><\/div>\n<p><iframe loading=\"lazy\" style=\"border: 0;\" src=\"https:\/\/www.google.com\/maps\/embed?pb=!1m18!1m12!1m3!1d935.8412382210803!2d-0.725470707002365!3d37.91215393742811!2m3!1f0!2f0!3f0!3m2!1i1024!2i768!4f13.1!3m3!1m2!1s0x0%3A0x0!2zMzfCsDU0JzQzLjgiTiAwwrA0MycyOS40Ilc!5e0!3m2!1ses!2ses!4v1554125096214!5m2!1ses!2ses\" width=\"1500\" height=\"500\" frameborder=\"0\" allowfullscreen=\"allowfullscreen\"><\/iframe><\/p>\n<h3><div class=\"tx-row  tx-fwidth\" style=\"\"><div class=\"tx-fw-inner\" style=\"background-color: #f69e05; background-attachment: fixed; background-size: cover; \"><div class=\"tx-fw-overlay\" style=\"padding-bottom:15px; padding-top:15px; background-color: rgba(0,0,0,0.1);\"><div class=\"tx-fw-content\"> Para Saber M\u00e1s <\/div><\/div><\/div><\/div><\/h3>\n<p>&nbsp;<\/p>\n<p><a href=\"https:\/\/es.wikipedia.org\/wiki\/Torre_del_Rey_(Oropesa)\"><img decoding=\"async\" loading=\"lazy\" class=\"wp-image-2015 alignnone\" src=\"http:\/\/www.vigiasdelmediterraneo.com\/vdm\/wp-content\/uploads\/2019\/03\/IconoWEB.png\" alt=\"\" width=\"70\" height=\"70\" \/><\/a><a href=\"https:\/\/www.castillosdeespa\u00f1a.es\/es\/content\/cap-roig-torre-de-0\"><span style=\"color: #f69e05;\">\u00a0 Torre Cap Roig<\/span><\/a><br \/>\n<a href=\"https:\/\/es.wikipedia.org\/wiki\/Torre_del_Rey_(Oropesa)\"><img decoding=\"async\" loading=\"lazy\" class=\"wp-image-2015 alignnone\" src=\"http:\/\/www.vigiasdelmediterraneo.com\/vdm\/wp-content\/uploads\/2019\/03\/IconoWEB.png\" alt=\"\" width=\"70\" height=\"70\" \/><\/a><a href=\"https:\/\/toviva.blogs.upv.es\/torre-del-cap-roig\/\">\u00a0 <span style=\"color: #f69e05;\">Torre del Cap Roig<\/span><\/a><\/p>\n<p>&nbsp;<\/p>\n<p>&nbsp;<\/p>\n<div class=\"tx-row tx-fullwidthrow tx-fwidth\" style=\"\"><div class=\"tx-fw-inner\" style=\"background-color: ; height: 300px; background-image: url(http:\/\/www.vigiasdelmediterraneo.com\/vdm\/wp-content\/uploads\/2019\/03\/P02.jpg); background-attachment: scroll; background-size: cover; \"><div class=\"tx-fw-overlay\" style=\"padding-bottom:32px; padding-top:32px; background-color: rgba(0,0,0,0.1);\"><div class=\"tx-fw-content\"><\/div><\/div><\/div><\/div>\n<p>&nbsp;<\/p>\n<p style=\"text-align: left;\"><div class=\"tx-row \">\n<div class=\"tx-column tx-column-size-1-4\"><a href=\"http:\/\/www.orihuelaturistica.es\/orihuela\/web_php\/index.php\" target=\"_blank\" rel=\"noopener\"><img decoding=\"async\" loading=\"lazy\" class=\"aligncenter wp-image-2860\" src=\"http:\/\/www.vigiasdelmediterraneo.com\/vdm\/wp-content\/uploads\/2019\/04\/Enlaces-ICON-150x150.jpg\" alt=\"\" width=\"200\" height=\"200\" srcset=\"http:\/\/www.vigiasdelmediterraneo.com\/vdm\/wp-content\/uploads\/2019\/04\/Enlaces-ICON-150x150.jpg 150w, http:\/\/www.vigiasdelmediterraneo.com\/vdm\/wp-content\/uploads\/2019\/04\/Enlaces-ICON.jpg 300w\" sizes=\"(max-width: 200px) 100vw, 200px\" \/><\/a><\/div>\n<div class=\"tx-column tx-column-size-1-4\"><a href=\"http:\/\/www.enorihuela.com\/historia.html\" target=\"_blank\" rel=\"noopener\"><img decoding=\"async\" loading=\"lazy\" class=\"aligncenter wp-image-2863\" src=\"http:\/\/www.vigiasdelmediterraneo.com\/vdm\/wp-content\/uploads\/2019\/04\/Historia-ICON-150x150.jpg\" alt=\"\" width=\"200\" height=\"200\" srcset=\"http:\/\/www.vigiasdelmediterraneo.com\/vdm\/wp-content\/uploads\/2019\/04\/Historia-ICON-150x150.jpg 150w, http:\/\/www.vigiasdelmediterraneo.com\/vdm\/wp-content\/uploads\/2019\/04\/Historia-ICON.jpg 300w\" sizes=\"(max-width: 200px) 100vw, 200px\" \/><\/a><\/div>\n<div class=\"tx-column tx-column-size-1-4\"><a href=\"http:\/\/www.orihuelaturistica.es\/orihuela\/web_php\/index.php?contenido=descripcion&amp;id_boto=4009\" target=\"_blank\" rel=\"noopener\"><img decoding=\"async\" loading=\"lazy\" class=\"aligncenter wp-image-2861\" src=\"http:\/\/www.vigiasdelmediterraneo.com\/vdm\/wp-content\/uploads\/2019\/04\/Fiestas-ICON-150x150.jpg\" alt=\"\" width=\"200\" height=\"200\" srcset=\"http:\/\/www.vigiasdelmediterraneo.com\/vdm\/wp-content\/uploads\/2019\/04\/Fiestas-ICON-150x150.jpg 150w, http:\/\/www.vigiasdelmediterraneo.com\/vdm\/wp-content\/uploads\/2019\/04\/Fiestas-ICON.jpg 300w\" sizes=\"(max-width: 200px) 100vw, 200px\" \/><\/a><\/div>\n<div class=\"tx-column tx-column-size-1-4\"><a href=\"http:\/\/www.orihuelaturistica.es\/orihuela\/web_php\/index.php\" target=\"_blank\" rel=\"noopener\"><img decoding=\"async\" loading=\"lazy\" class=\"aligncenter wp-image-2862\" src=\"http:\/\/www.vigiasdelmediterraneo.com\/vdm\/wp-content\/uploads\/2019\/04\/Gastro-ICON-150x150.jpg\" alt=\"\" width=\"200\" height=\"200\" srcset=\"http:\/\/www.vigiasdelmediterraneo.com\/vdm\/wp-content\/uploads\/2019\/04\/Gastro-ICON-150x150.jpg 150w, http:\/\/www.vigiasdelmediterraneo.com\/vdm\/wp-content\/uploads\/2019\/04\/Gastro-ICON.jpg 300w\" sizes=\"(max-width: 200px) 100vw, 200px\" \/><\/a><\/div>\n<\/div>\n<p>&nbsp;<\/p>\n<p><!-- TEXTO OCULTO --><\/p>\n<p>&nbsp;<\/p>\n","protected":false},"excerpt":{"rendered":"<p>&nbsp; La torre de Cap Roig se encuentra en el cabo del mismo nombre. Es de origen isl\u00e1mico, con distintas remodelaciones en \u00e9pocas posteriores. En 1554 estaba siendo reconstruida por orden del<a class=\"moretag\" href=\"http:\/\/www.vigiasdelmediterraneo.com\/vdm\/torres\/torre-cap-de-roig\/\">Read More&#8230;<\/a><\/p>\n","protected":false},"author":1,"featured_media":0,"parent":73,"menu_order":0,"comment_status":"closed","ping_status":"closed","template":"","meta":{"footnotes":""},"categories":[6],"tags":[105],"_links":{"self":[{"href":"http:\/\/www.vigiasdelmediterraneo.com\/vdm\/wp-json\/wp\/v2\/pages\/2872"}],"collection":[{"href":"http:\/\/www.vigiasdelmediterraneo.com\/vdm\/wp-json\/wp\/v2\/pages"}],"about":[{"href":"http:\/\/www.vigiasdelmediterraneo.com\/vdm\/wp-json\/wp\/v2\/types\/page"}],"author":[{"embeddable":true,"href":"http:\/\/www.vigiasdelmediterraneo.com\/vdm\/wp-json\/wp\/v2\/users\/1"}],"replies":[{"embeddable":true,"href":"http:\/\/www.vigiasdelmediterraneo.com\/vdm\/wp-json\/wp\/v2\/comments?post=2872"}],"version-history":[{"count":11,"href":"http:\/\/www.vigiasdelmediterraneo.com\/vdm\/wp-json\/wp\/v2\/pages\/2872\/revisions"}],"predecessor-version":[{"id":2883,"href":"http:\/\/www.vigiasdelmediterraneo.com\/vdm\/wp-json\/wp\/v2\/pages\/2872\/revisions\/2883"}],"up":[{"embeddable":true,"href":"http:\/\/www.vigiasdelmediterraneo.com\/vdm\/wp-json\/wp\/v2\/pages\/73"}],"wp:attachment":[{"href":"http:\/\/www.vigiasdelmediterraneo.com\/vdm\/wp-json\/wp\/v2\/media?parent=2872"}],"wp:term":[{"taxonomy":"category","embeddable":true,"href":"http:\/\/www.vigiasdelmediterraneo.com\/vdm\/wp-json\/wp\/v2\/categories?post=2872"},{"taxonomy":"post_tag","embeddable":true,"href":"http:\/\/www.vigiasdelmediterraneo.com\/vdm\/wp-json\/wp\/v2\/tags?post=2872"}],"curies":[{"name":"wp","href":"https:\/\/api.w.org\/{rel}","templated":true}]}}