{"id":3295,"date":"2019-04-01T19:19:35","date_gmt":"2019-04-01T19:19:35","guid":{"rendered":"http:\/\/www.vigiasdelmediterraneo.com\/vdm\/?page_id=3295"},"modified":"2019-04-01T21:11:28","modified_gmt":"2019-04-01T21:11:28","slug":"torre-del-mascarat","status":"publish","type":"page","link":"http:\/\/www.vigiasdelmediterraneo.com\/vdm\/torres\/torre-del-mascarat\/","title":{"rendered":"Torre del Mascarat"},"content":{"rendered":"<div class=\"tx-row tx-fullwidthrow tx-fwidth\" style=\"\"><div class=\"tx-fw-inner\" style=\"background-color: #ffffff; height: 250px; background-image: url(http:\/\/www.vigiasdelmediterraneo.com\/vdm\/wp-content\/uploads\/2019\/04\/B21.jpg); background-attachment: scroll; background-size: cover; \"><div class=\"tx-fw-overlay\" style=\"padding-bottom:0px; padding-top:0px; background-color: rgba(0,0,0,0.1);\"><div class=\"tx-fw-content\"><\/div><\/div><\/div><\/div>\n<div class=\"tx-row tx-fullwidthrow tx-fwidth\" style=\"\"><div class=\"tx-fw-inner\" style=\"background-color: #000; background-attachment: fixed; background-size: cover; \"><div class=\"tx-fw-overlay\" style=\"padding-bottom:32px; padding-top:32px; background-color: rgba(0,0,0,0.9);\"><div class=\"tx-fw-content\">\n<div class=\"tx-row \">\n<div class=\"tx-column tx-column-size-1-4\">\n<p><span style=\"color: #ffcc00;\"><strong><span style=\"color: #f69e05;\">Tambi\u00e9n llamada<br \/>\n<\/span><\/strong><\/span><\/p>\n<p><span style=\"color: #ffcc00;\"><span style=\"color: #f69e05;\"><strong>Est\u00e1 en<br \/>\n<\/strong><\/span><\/span>Calp\/Calpe<br \/>\nMarina Alta<br \/>\nAlicante<br \/>\nComunidad Valenciana<br \/>\nEspa\u00f1a<\/p>\n<p><span style=\"color: #ffcc00;\"><strong><span style=\"color: #f69e05;\">\u00c9poca<br \/>\n<\/span><\/strong><\/span>Siglo XVI<\/p>\n<p><strong><span style=\"color: #f69e05;\">Se comunica con<br \/>\n<\/span><\/strong>N &#8211; Torre del Cap d&#8217;Or &#8211; 13,4 km<br \/>\nS &#8211; Torre de la Galera &#8211; 2 km<\/p>\n<p><strong><span style=\"color: #f69e05;\">Estado actual<\/span><br \/>\n<\/strong>Restos consolidados<\/p>\n<\/div>\n<div class=\"tx-column tx-column-size-3-4\">\n<p><a href=\"http:\/\/www.vigiasdelmediterraneo.com\/vdm\/wp-content\/uploads\/2019\/04\/21.jpg\"><img decoding=\"async\" loading=\"lazy\" class=\"alignnone wp-image-1973\" src=\"http:\/\/www.vigiasdelmediterraneo.com\/vdm\/wp-content\/uploads\/2019\/04\/21.jpg\" alt=\"\" width=\"900\" height=\"512\" \/><\/a><\/div>\n<\/div>\n<\/div><\/div><\/div><\/div>\n<p>&nbsp;<\/p>\n<p>Situada sobre un escarpado acantilado, a 232 metros sobre el nivel del mar, en la estribaci\u00f3n norte de la Sierra de B\u00e8rnia. Domina la costa de Calpe y el camino que, por el Mascarat, une Calpe y Altea.<br \/>\nSe desconoce la cronolog\u00eda exacta de su construcci\u00f3n pero podr\u00eda enmarcarse entre los siglos XV y XVII, aunque en este lugar ya hubo asentamientos ib\u00e9ricos, musulmanes y cristianos. El top\u00f3nimo proviene del \u00e1rabe \u201cmoskara\u201d (campamento), lo que denotar\u00eda una tradici\u00f3n de vigilancia de la zona, como m\u00ednimo, desde \u00e9poca musulmana.<\/p>\n<p>&nbsp;<\/p>\n<p style=\"text-align: justify;\"><span style=\"color: #f69e05;\">Es de planta cuadrada, sus lados miden 3 por 5,5 metros. Se conserva la forma de la planta y uno de los muros de menor dimensi\u00f3n, est\u00e1 construido en tapial, estando la parte superior desmochada, lo que impide saber si la altura original. Se aprecia en el tapial una hilada de mamposter\u00eda.<br \/>\n<\/span><\/p>\n<p style=\"text-align: justify;\"><span style=\"color: #f69e05;\">\u00a0<\/span><\/p>\n<p>&nbsp;<\/p>\n<p>&nbsp;<\/p>\n<div class=\"tx-row \">\n<div class=\"tx-column tx-column-size-1-2\">\n<div data-carousel-extra='{\"blog_id\":1,\"permalink\":\"http:\\\/\\\/www.vigiasdelmediterraneo.com\\\/vdm\\\/torres\\\/torre-del-mascarat\\\/\"}' class=\"tiled-gallery type-rectangular\" data-original-width=\"604\"><div class=\"gallery-row\" style=\"width: 599px; height: 454px;\"><div class=\"gallery-group images-1\" style=\"width: 307px; height: 458px;\"><div class=\"tiled-gallery-item tiled-gallery-item-large\"><a href=\"http:\/\/www.vigiasdelmediterraneo.com\/vdm\/v019-torre-del-mascarat-calpe-fotos-t-6\/\"><img data-attachment-id=\"3292\" data-orig-file=\"http:\/\/www.vigiasdelmediterraneo.com\/vdm\/wp-content\/uploads\/2019\/04\/V019-Torre-del-Mascarat-Calpe-Fotos-T-6.jpg\" data-orig-size=\"1467,2200\" data-comments-opened=\"1\" data-image-meta=\"{&quot;aperture&quot;:&quot;4&quot;,&quot;credit&quot;:&quot;&quot;,&quot;camera&quot;:&quot;Canon EOS 5D Mark II&quot;,&quot;caption&quot;:&quot;&quot;,&quot;created_timestamp&quot;:&quot;1533460357&quot;,&quot;copyright&quot;:&quot;&quot;,&quot;focal_length&quot;:&quot;85&quot;,&quot;iso&quot;:&quot;125&quot;,&quot;shutter_speed&quot;:&quot;0.0003125&quot;,&quot;title&quot;:&quot;&quot;,&quot;orientation&quot;:&quot;1&quot;}\" data-image-title=\"V019 Torre del Mascarat &#8211; Calpe Fotos T (6)\" data-image-description=\"\" data-medium-file=\"http:\/\/www.vigiasdelmediterraneo.com\/vdm\/wp-content\/uploads\/2019\/04\/V019-Torre-del-Mascarat-Calpe-Fotos-T-6-200x300.jpg\" data-large-file=\"http:\/\/www.vigiasdelmediterraneo.com\/vdm\/wp-content\/uploads\/2019\/04\/V019-Torre-del-Mascarat-Calpe-Fotos-T-6-683x1024.jpg\" src=\"http:\/\/www.vigiasdelmediterraneo.com\/vdm\/wp-content\/uploads\/2019\/04\/V019-Torre-del-Mascarat-Calpe-Fotos-T-6-303x454.jpg\" width=\"303\" height=\"454\" align=\"left\" title=\"V019 Torre del Mascarat - Calpe Fotos T (6)\" \/><\/a><\/div><\/div><div class=\"gallery-group images-1\" style=\"width: 292px; height: 458px;\"><div class=\"tiled-gallery-item tiled-gallery-item-large\"><a href=\"http:\/\/www.vigiasdelmediterraneo.com\/vdm\/v019-torre-del-mascarat-calpe-fotos-t-7\/\"><img data-attachment-id=\"3293\" data-orig-file=\"http:\/\/www.vigiasdelmediterraneo.com\/vdm\/wp-content\/uploads\/2019\/04\/V019-Torre-del-Mascarat-Calpe-Fotos-T-7.jpg\" data-orig-size=\"1396,2200\" data-comments-opened=\"1\" data-image-meta=\"{&quot;aperture&quot;:&quot;22&quot;,&quot;credit&quot;:&quot;&quot;,&quot;camera&quot;:&quot;Canon EOS 5D Mark II&quot;,&quot;caption&quot;:&quot;&quot;,&quot;created_timestamp&quot;:&quot;1533461664&quot;,&quot;copyright&quot;:&quot;&quot;,&quot;focal_length&quot;:&quot;263&quot;,&quot;iso&quot;:&quot;125&quot;,&quot;shutter_speed&quot;:&quot;0.025&quot;,&quot;title&quot;:&quot;&quot;,&quot;orientation&quot;:&quot;1&quot;}\" data-image-title=\"V019 Torre del Mascarat &#8211; Calpe Fotos T (7)\" data-image-description=\"\" data-medium-file=\"http:\/\/www.vigiasdelmediterraneo.com\/vdm\/wp-content\/uploads\/2019\/04\/V019-Torre-del-Mascarat-Calpe-Fotos-T-7-190x300.jpg\" data-large-file=\"http:\/\/www.vigiasdelmediterraneo.com\/vdm\/wp-content\/uploads\/2019\/04\/V019-Torre-del-Mascarat-Calpe-Fotos-T-7-650x1024.jpg\" src=\"http:\/\/www.vigiasdelmediterraneo.com\/vdm\/wp-content\/uploads\/2019\/04\/V019-Torre-del-Mascarat-Calpe-Fotos-T-7-288x454.jpg\" width=\"288\" height=\"454\" align=\"left\" title=\"V019 Torre del Mascarat - Calpe Fotos T (7)\" \/><\/a><\/div><\/div><\/div><div class=\"gallery-row\" style=\"width: 599px; height: 262px;\"><div class=\"gallery-group images-1\" style=\"width: 401px; height: 266px;\"><div class=\"tiled-gallery-item tiled-gallery-item-large\"><a href=\"http:\/\/www.vigiasdelmediterraneo.com\/vdm\/v019-torre-del-mascarat-calpe-fotos-t-3\/\"><img data-attachment-id=\"3289\" data-orig-file=\"http:\/\/www.vigiasdelmediterraneo.com\/vdm\/wp-content\/uploads\/2019\/04\/V019-Torre-del-Mascarat-Calpe-Fotos-T-3.jpg\" data-orig-size=\"2200,1454\" data-comments-opened=\"1\" data-image-meta=\"{&quot;aperture&quot;:&quot;22&quot;,&quot;credit&quot;:&quot;&quot;,&quot;camera&quot;:&quot;Canon EOS 5D Mark II&quot;,&quot;caption&quot;:&quot;&quot;,&quot;created_timestamp&quot;:&quot;1533458580&quot;,&quot;copyright&quot;:&quot;&quot;,&quot;focal_length&quot;:&quot;24&quot;,&quot;iso&quot;:&quot;125&quot;,&quot;shutter_speed&quot;:&quot;0.033333333333333&quot;,&quot;title&quot;:&quot;&quot;,&quot;orientation&quot;:&quot;1&quot;}\" data-image-title=\"V019 Torre del Mascarat &#8211; Calpe Fotos T (3)\" data-image-description=\"\" data-medium-file=\"http:\/\/www.vigiasdelmediterraneo.com\/vdm\/wp-content\/uploads\/2019\/04\/V019-Torre-del-Mascarat-Calpe-Fotos-T-3-300x198.jpg\" data-large-file=\"http:\/\/www.vigiasdelmediterraneo.com\/vdm\/wp-content\/uploads\/2019\/04\/V019-Torre-del-Mascarat-Calpe-Fotos-T-3-1024x677.jpg\" src=\"http:\/\/www.vigiasdelmediterraneo.com\/vdm\/wp-content\/uploads\/2019\/04\/V019-Torre-del-Mascarat-Calpe-Fotos-T-3-397x262.jpg\" width=\"397\" height=\"262\" align=\"left\" title=\"V019 Torre del Mascarat - Calpe Fotos T (3)\" \/><\/a><\/div><\/div><div class=\"gallery-group images-2\" style=\"width: 198px; height: 266px;\"><div class=\"tiled-gallery-item tiled-gallery-item-small\"><a href=\"http:\/\/www.vigiasdelmediterraneo.com\/vdm\/v019-torre-del-mascarat-calpe-fotos-t-4\/\"><img data-attachment-id=\"3290\" data-orig-file=\"http:\/\/www.vigiasdelmediterraneo.com\/vdm\/wp-content\/uploads\/2019\/04\/V019-Torre-del-Mascarat-Calpe-Fotos-T-4.jpg\" data-orig-size=\"2200,1467\" data-comments-opened=\"1\" data-image-meta=\"{&quot;aperture&quot;:&quot;20&quot;,&quot;credit&quot;:&quot;&quot;,&quot;camera&quot;:&quot;Canon EOS 5D Mark II&quot;,&quot;caption&quot;:&quot;&quot;,&quot;created_timestamp&quot;:&quot;1533459183&quot;,&quot;copyright&quot;:&quot;&quot;,&quot;focal_length&quot;:&quot;67&quot;,&quot;iso&quot;:&quot;125&quot;,&quot;shutter_speed&quot;:&quot;0.05&quot;,&quot;title&quot;:&quot;&quot;,&quot;orientation&quot;:&quot;1&quot;}\" data-image-title=\"V019 Torre del Mascarat &#8211; Calpe Fotos T (4)\" data-image-description=\"\" data-medium-file=\"http:\/\/www.vigiasdelmediterraneo.com\/vdm\/wp-content\/uploads\/2019\/04\/V019-Torre-del-Mascarat-Calpe-Fotos-T-4-300x200.jpg\" data-large-file=\"http:\/\/www.vigiasdelmediterraneo.com\/vdm\/wp-content\/uploads\/2019\/04\/V019-Torre-del-Mascarat-Calpe-Fotos-T-4-1024x683.jpg\" src=\"http:\/\/www.vigiasdelmediterraneo.com\/vdm\/wp-content\/uploads\/2019\/04\/V019-Torre-del-Mascarat-Calpe-Fotos-T-4-194x129.jpg\" width=\"194\" height=\"129\" align=\"left\" title=\"V019 Torre del Mascarat - Calpe Fotos T (4)\" \/><\/a><\/div><div class=\"tiled-gallery-item tiled-gallery-item-small\"><a href=\"http:\/\/www.vigiasdelmediterraneo.com\/vdm\/v019-torre-del-mascarat-calpe-fotos-t-2\/\"><img data-attachment-id=\"3288\" data-orig-file=\"http:\/\/www.vigiasdelmediterraneo.com\/vdm\/wp-content\/uploads\/2019\/04\/V019-Torre-del-Mascarat-Calpe-Fotos-T-2.jpg\" data-orig-size=\"2200,1467\" data-comments-opened=\"1\" data-image-meta=\"{&quot;aperture&quot;:&quot;16&quot;,&quot;credit&quot;:&quot;&quot;,&quot;camera&quot;:&quot;Canon EOS 5D Mark II&quot;,&quot;caption&quot;:&quot;&quot;,&quot;created_timestamp&quot;:&quot;1533457124&quot;,&quot;copyright&quot;:&quot;&quot;,&quot;focal_length&quot;:&quot;24&quot;,&quot;iso&quot;:&quot;125&quot;,&quot;shutter_speed&quot;:&quot;0.0125&quot;,&quot;title&quot;:&quot;&quot;,&quot;orientation&quot;:&quot;1&quot;}\" data-image-title=\"V019 Torre del Mascarat &#8211; Calpe Fotos T (2)\" data-image-description=\"\" data-medium-file=\"http:\/\/www.vigiasdelmediterraneo.com\/vdm\/wp-content\/uploads\/2019\/04\/V019-Torre-del-Mascarat-Calpe-Fotos-T-2-300x200.jpg\" data-large-file=\"http:\/\/www.vigiasdelmediterraneo.com\/vdm\/wp-content\/uploads\/2019\/04\/V019-Torre-del-Mascarat-Calpe-Fotos-T-2-1024x683.jpg\" src=\"http:\/\/www.vigiasdelmediterraneo.com\/vdm\/wp-content\/uploads\/2019\/04\/V019-Torre-del-Mascarat-Calpe-Fotos-T-2-194x129.jpg\" width=\"194\" height=\"129\" align=\"left\" title=\"V019 Torre del Mascarat - Calpe Fotos T (2)\" \/><\/a><\/div><\/div><\/div><div class=\"gallery-row\" style=\"width: 599px; height: 197px;\"><div class=\"gallery-group images-1\" style=\"width: 300px; height: 201px;\"><div class=\"tiled-gallery-item tiled-gallery-item-large\"><a href=\"http:\/\/www.vigiasdelmediterraneo.com\/vdm\/v019-torre-del-mascarat-calpe-fotos-t-5\/\"><img data-attachment-id=\"3291\" data-orig-file=\"http:\/\/www.vigiasdelmediterraneo.com\/vdm\/wp-content\/uploads\/2019\/04\/V019-Torre-del-Mascarat-Calpe-Fotos-T-5.jpg\" data-orig-size=\"2200,1467\" data-comments-opened=\"1\" data-image-meta=\"{&quot;aperture&quot;:&quot;22&quot;,&quot;credit&quot;:&quot;&quot;,&quot;camera&quot;:&quot;Canon EOS 5D Mark II&quot;,&quot;caption&quot;:&quot;&quot;,&quot;created_timestamp&quot;:&quot;1533459526&quot;,&quot;copyright&quot;:&quot;&quot;,&quot;focal_length&quot;:&quot;45&quot;,&quot;iso&quot;:&quot;125&quot;,&quot;shutter_speed&quot;:&quot;0.025&quot;,&quot;title&quot;:&quot;&quot;,&quot;orientation&quot;:&quot;1&quot;}\" data-image-title=\"V019 Torre del Mascarat &#8211; Calpe Fotos T (5)\" data-image-description=\"\" data-medium-file=\"http:\/\/www.vigiasdelmediterraneo.com\/vdm\/wp-content\/uploads\/2019\/04\/V019-Torre-del-Mascarat-Calpe-Fotos-T-5-300x200.jpg\" data-large-file=\"http:\/\/www.vigiasdelmediterraneo.com\/vdm\/wp-content\/uploads\/2019\/04\/V019-Torre-del-Mascarat-Calpe-Fotos-T-5-1024x683.jpg\" src=\"http:\/\/www.vigiasdelmediterraneo.com\/vdm\/wp-content\/uploads\/2019\/04\/V019-Torre-del-Mascarat-Calpe-Fotos-T-5-296x197.jpg\" width=\"296\" height=\"197\" align=\"left\" title=\"V019 Torre del Mascarat - Calpe Fotos T (5)\" \/><\/a><\/div><\/div><div class=\"gallery-group images-1\" style=\"width: 299px; height: 201px;\"><div class=\"tiled-gallery-item tiled-gallery-item-large\"><a href=\"http:\/\/www.vigiasdelmediterraneo.com\/vdm\/v019-torre-del-mascarat-calpe-fotos-t-8\/\"><img data-attachment-id=\"3294\" data-orig-file=\"http:\/\/www.vigiasdelmediterraneo.com\/vdm\/wp-content\/uploads\/2019\/04\/V019-Torre-del-Mascarat-Calpe-Fotos-T-8.jpg\" data-orig-size=\"2200,1467\" data-comments-opened=\"1\" data-image-meta=\"{&quot;aperture&quot;:&quot;4&quot;,&quot;credit&quot;:&quot;&quot;,&quot;camera&quot;:&quot;Canon EOS 5D Mark II&quot;,&quot;caption&quot;:&quot;&quot;,&quot;created_timestamp&quot;:&quot;1533462433&quot;,&quot;copyright&quot;:&quot;&quot;,&quot;focal_length&quot;:&quot;73&quot;,&quot;iso&quot;:&quot;125&quot;,&quot;shutter_speed&quot;:&quot;0.0015625&quot;,&quot;title&quot;:&quot;&quot;,&quot;orientation&quot;:&quot;1&quot;}\" data-image-title=\"V019 Torre del Mascarat &#8211; Calpe Fotos T (8)\" data-image-description=\"\" data-medium-file=\"http:\/\/www.vigiasdelmediterraneo.com\/vdm\/wp-content\/uploads\/2019\/04\/V019-Torre-del-Mascarat-Calpe-Fotos-T-8-300x200.jpg\" data-large-file=\"http:\/\/www.vigiasdelmediterraneo.com\/vdm\/wp-content\/uploads\/2019\/04\/V019-Torre-del-Mascarat-Calpe-Fotos-T-8-1024x683.jpg\" src=\"http:\/\/www.vigiasdelmediterraneo.com\/vdm\/wp-content\/uploads\/2019\/04\/V019-Torre-del-Mascarat-Calpe-Fotos-T-8-295x197.jpg\" width=\"295\" height=\"197\" align=\"left\" title=\"V019 Torre del Mascarat - Calpe Fotos T (8)\" \/><\/a><\/div><\/div><\/div><\/div>\n<\/div>\n<div class=\"tx-column tx-column-size-1-2\">\n<div data-carousel-extra='{\"blog_id\":1,\"permalink\":\"http:\\\/\\\/www.vigiasdelmediterraneo.com\\\/vdm\\\/torres\\\/torre-del-mascarat\\\/\"}' class=\"tiled-gallery type-rectangular\" data-original-width=\"604\"><div class=\"gallery-row\" style=\"width: 599px; height: 302px;\"><div class=\"gallery-group images-1\" style=\"width: 366px; height: 306px;\"><div class=\"tiled-gallery-item tiled-gallery-item-large\"><a href=\"http:\/\/www.vigiasdelmediterraneo.com\/vdm\/v019-torre-del-mascarat-calpe-fotos-h-3\/\"><img data-attachment-id=\"3282\" data-orig-file=\"http:\/\/www.vigiasdelmediterraneo.com\/vdm\/wp-content\/uploads\/2019\/04\/V019-Torre-del-Mascarat-Calpe-Fotos-H-3.jpg\" data-orig-size=\"1400,1169\" data-comments-opened=\"1\" data-image-meta=\"{&quot;aperture&quot;:&quot;0&quot;,&quot;credit&quot;:&quot;&quot;,&quot;camera&quot;:&quot;&quot;,&quot;caption&quot;:&quot;&quot;,&quot;created_timestamp&quot;:&quot;0&quot;,&quot;copyright&quot;:&quot;&quot;,&quot;focal_length&quot;:&quot;0&quot;,&quot;iso&quot;:&quot;0&quot;,&quot;shutter_speed&quot;:&quot;0&quot;,&quot;title&quot;:&quot;&quot;,&quot;orientation&quot;:&quot;1&quot;}\" data-image-title=\"V019 Torre del Mascarat &#8211; Calpe Fotos H (3)\" data-image-description=\"\" data-medium-file=\"http:\/\/www.vigiasdelmediterraneo.com\/vdm\/wp-content\/uploads\/2019\/04\/V019-Torre-del-Mascarat-Calpe-Fotos-H-3-300x251.jpg\" data-large-file=\"http:\/\/www.vigiasdelmediterraneo.com\/vdm\/wp-content\/uploads\/2019\/04\/V019-Torre-del-Mascarat-Calpe-Fotos-H-3-1024x855.jpg\" src=\"http:\/\/www.vigiasdelmediterraneo.com\/vdm\/wp-content\/uploads\/2019\/04\/V019-Torre-del-Mascarat-Calpe-Fotos-H-3-362x302.jpg\" width=\"362\" height=\"302\" align=\"left\" title=\"V019 Torre del Mascarat - Calpe Fotos H (3)\" \/><\/a><\/div><\/div><div class=\"gallery-group images-2\" style=\"width: 233px; height: 306px;\"><div class=\"tiled-gallery-item tiled-gallery-item-small\"><a href=\"http:\/\/www.vigiasdelmediterraneo.com\/vdm\/v019-torre-del-mascarat-calpe-fotos-p-3\/\"><img data-attachment-id=\"3286\" data-orig-file=\"http:\/\/www.vigiasdelmediterraneo.com\/vdm\/wp-content\/uploads\/2019\/04\/V019-Torre-del-Mascarat-Calpe-Fotos-P-3.jpg\" data-orig-size=\"2200,1397\" data-comments-opened=\"1\" data-image-meta=\"{&quot;aperture&quot;:&quot;22&quot;,&quot;credit&quot;:&quot;&quot;,&quot;camera&quot;:&quot;Canon EOS 5D Mark II&quot;,&quot;caption&quot;:&quot;&quot;,&quot;created_timestamp&quot;:&quot;1533461244&quot;,&quot;copyright&quot;:&quot;&quot;,&quot;focal_length&quot;:&quot;50&quot;,&quot;iso&quot;:&quot;125&quot;,&quot;shutter_speed&quot;:&quot;0.04&quot;,&quot;title&quot;:&quot;&quot;,&quot;orientation&quot;:&quot;1&quot;}\" data-image-title=\"V019 Torre del Mascarat &#8211; Calpe Fotos P (3)\" data-image-description=\"\" data-medium-file=\"http:\/\/www.vigiasdelmediterraneo.com\/vdm\/wp-content\/uploads\/2019\/04\/V019-Torre-del-Mascarat-Calpe-Fotos-P-3-300x191.jpg\" data-large-file=\"http:\/\/www.vigiasdelmediterraneo.com\/vdm\/wp-content\/uploads\/2019\/04\/V019-Torre-del-Mascarat-Calpe-Fotos-P-3-1024x650.jpg\" src=\"http:\/\/www.vigiasdelmediterraneo.com\/vdm\/wp-content\/uploads\/2019\/04\/V019-Torre-del-Mascarat-Calpe-Fotos-P-3-229x145.jpg\" width=\"229\" height=\"145\" align=\"left\" title=\"V019 Torre del Mascarat - Calpe Fotos P (3)\" \/><\/a><\/div><div class=\"tiled-gallery-item tiled-gallery-item-small\"><a href=\"http:\/\/www.vigiasdelmediterraneo.com\/vdm\/v019-torre-del-mascarat-calpe-fotos-p-2\/\"><img data-attachment-id=\"3285\" data-orig-file=\"http:\/\/www.vigiasdelmediterraneo.com\/vdm\/wp-content\/uploads\/2019\/04\/V019-Torre-del-Mascarat-Calpe-Fotos-P-2.jpg\" data-orig-size=\"2200,1467\" data-comments-opened=\"1\" data-image-meta=\"{&quot;aperture&quot;:&quot;22&quot;,&quot;credit&quot;:&quot;&quot;,&quot;camera&quot;:&quot;Canon EOS 5D Mark II&quot;,&quot;caption&quot;:&quot;&quot;,&quot;created_timestamp&quot;:&quot;1533459773&quot;,&quot;copyright&quot;:&quot;&quot;,&quot;focal_length&quot;:&quot;24&quot;,&quot;iso&quot;:&quot;125&quot;,&quot;shutter_speed&quot;:&quot;0.02&quot;,&quot;title&quot;:&quot;&quot;,&quot;orientation&quot;:&quot;1&quot;}\" data-image-title=\"V019 Torre del Mascarat &#8211; Calpe Fotos P (2)\" data-image-description=\"\" data-medium-file=\"http:\/\/www.vigiasdelmediterraneo.com\/vdm\/wp-content\/uploads\/2019\/04\/V019-Torre-del-Mascarat-Calpe-Fotos-P-2-300x200.jpg\" data-large-file=\"http:\/\/www.vigiasdelmediterraneo.com\/vdm\/wp-content\/uploads\/2019\/04\/V019-Torre-del-Mascarat-Calpe-Fotos-P-2-1024x683.jpg\" src=\"http:\/\/www.vigiasdelmediterraneo.com\/vdm\/wp-content\/uploads\/2019\/04\/V019-Torre-del-Mascarat-Calpe-Fotos-P-2-229x153.jpg\" width=\"229\" height=\"153\" align=\"left\" title=\"V019 Torre del Mascarat - Calpe Fotos P (2)\" \/><\/a><\/div><\/div><\/div><div class=\"gallery-row\" style=\"width: 599px; height: 285px;\"><div class=\"gallery-group images-2\" style=\"width: 215px; height: 289px;\"><div class=\"tiled-gallery-item tiled-gallery-item-small\"><a href=\"http:\/\/www.vigiasdelmediterraneo.com\/vdm\/v019-torre-del-mascarat-calpe-fotos-t-1\/\"><img data-attachment-id=\"3287\" data-orig-file=\"http:\/\/www.vigiasdelmediterraneo.com\/vdm\/wp-content\/uploads\/2019\/04\/V019-Torre-del-Mascarat-Calpe-Fotos-T-1.jpg\" data-orig-size=\"2200,1467\" data-comments-opened=\"1\" data-image-meta=\"{&quot;aperture&quot;:&quot;11&quot;,&quot;credit&quot;:&quot;&quot;,&quot;camera&quot;:&quot;Canon EOS 5D Mark II&quot;,&quot;caption&quot;:&quot;&quot;,&quot;created_timestamp&quot;:&quot;1533456978&quot;,&quot;copyright&quot;:&quot;&quot;,&quot;focal_length&quot;:&quot;75&quot;,&quot;iso&quot;:&quot;125&quot;,&quot;shutter_speed&quot;:&quot;0.008&quot;,&quot;title&quot;:&quot;&quot;,&quot;orientation&quot;:&quot;1&quot;}\" data-image-title=\"V019 Torre del Mascarat &#8211; Calpe Fotos T (1)\" data-image-description=\"\" data-medium-file=\"http:\/\/www.vigiasdelmediterraneo.com\/vdm\/wp-content\/uploads\/2019\/04\/V019-Torre-del-Mascarat-Calpe-Fotos-T-1-300x200.jpg\" data-large-file=\"http:\/\/www.vigiasdelmediterraneo.com\/vdm\/wp-content\/uploads\/2019\/04\/V019-Torre-del-Mascarat-Calpe-Fotos-T-1-1024x683.jpg\" src=\"http:\/\/www.vigiasdelmediterraneo.com\/vdm\/wp-content\/uploads\/2019\/04\/V019-Torre-del-Mascarat-Calpe-Fotos-T-1-211x141.jpg\" width=\"211\" height=\"141\" align=\"left\" title=\"V019 Torre del Mascarat - Calpe Fotos T (1)\" \/><\/a><\/div><div class=\"tiled-gallery-item tiled-gallery-item-small\"><a href=\"http:\/\/www.vigiasdelmediterraneo.com\/vdm\/v019-torre-del-mascarat-calpe-fotos-p-1\/\"><img data-attachment-id=\"3284\" data-orig-file=\"http:\/\/www.vigiasdelmediterraneo.com\/vdm\/wp-content\/uploads\/2019\/04\/V019-Torre-del-Mascarat-Calpe-Fotos-P-1.jpg\" data-orig-size=\"2200,1467\" data-comments-opened=\"1\" data-image-meta=\"{&quot;aperture&quot;:&quot;4.5&quot;,&quot;credit&quot;:&quot;&quot;,&quot;camera&quot;:&quot;Canon EOS 5D Mark II&quot;,&quot;caption&quot;:&quot;&quot;,&quot;created_timestamp&quot;:&quot;1533457293&quot;,&quot;copyright&quot;:&quot;&quot;,&quot;focal_length&quot;:&quot;55&quot;,&quot;iso&quot;:&quot;125&quot;,&quot;shutter_speed&quot;:&quot;0.001&quot;,&quot;title&quot;:&quot;&quot;,&quot;orientation&quot;:&quot;1&quot;}\" data-image-title=\"V019 Torre del Mascarat &#8211; Calpe Fotos P (1)\" data-image-description=\"\" data-medium-file=\"http:\/\/www.vigiasdelmediterraneo.com\/vdm\/wp-content\/uploads\/2019\/04\/V019-Torre-del-Mascarat-Calpe-Fotos-P-1-300x200.jpg\" data-large-file=\"http:\/\/www.vigiasdelmediterraneo.com\/vdm\/wp-content\/uploads\/2019\/04\/V019-Torre-del-Mascarat-Calpe-Fotos-P-1-1024x683.jpg\" src=\"http:\/\/www.vigiasdelmediterraneo.com\/vdm\/wp-content\/uploads\/2019\/04\/V019-Torre-del-Mascarat-Calpe-Fotos-P-1-211x140.jpg\" width=\"211\" height=\"140\" align=\"left\" title=\"V019 Torre del Mascarat - Calpe Fotos P (1)\" \/><\/a><\/div><\/div><div class=\"gallery-group images-1\" style=\"width: 384px; height: 289px;\"><div class=\"tiled-gallery-item tiled-gallery-item-large\"><a href=\"http:\/\/www.vigiasdelmediterraneo.com\/vdm\/v019-torre-del-mascarat-calpe-fotos-h-4\/\"><img data-attachment-id=\"3283\" data-orig-file=\"http:\/\/www.vigiasdelmediterraneo.com\/vdm\/wp-content\/uploads\/2019\/04\/V019-Torre-del-Mascarat-Calpe-Fotos-H-4.jpg\" data-orig-size=\"1024,768\" data-comments-opened=\"1\" data-image-meta=\"{&quot;aperture&quot;:&quot;0&quot;,&quot;credit&quot;:&quot;&quot;,&quot;camera&quot;:&quot;&quot;,&quot;caption&quot;:&quot;&quot;,&quot;created_timestamp&quot;:&quot;0&quot;,&quot;copyright&quot;:&quot;&quot;,&quot;focal_length&quot;:&quot;0&quot;,&quot;iso&quot;:&quot;0&quot;,&quot;shutter_speed&quot;:&quot;0&quot;,&quot;title&quot;:&quot;&quot;,&quot;orientation&quot;:&quot;1&quot;}\" data-image-title=\"V019 Torre del Mascarat &#8211; Calpe Fotos H (4)\" data-image-description=\"\" data-medium-file=\"http:\/\/www.vigiasdelmediterraneo.com\/vdm\/wp-content\/uploads\/2019\/04\/V019-Torre-del-Mascarat-Calpe-Fotos-H-4-300x225.jpg\" data-large-file=\"http:\/\/www.vigiasdelmediterraneo.com\/vdm\/wp-content\/uploads\/2019\/04\/V019-Torre-del-Mascarat-Calpe-Fotos-H-4-1024x768.jpg\" src=\"http:\/\/www.vigiasdelmediterraneo.com\/vdm\/wp-content\/uploads\/2019\/04\/V019-Torre-del-Mascarat-Calpe-Fotos-H-4-380x285.jpg\" width=\"380\" height=\"285\" align=\"left\" title=\"V019 Torre del Mascarat - Calpe Fotos H (4)\" \/><\/a><\/div><\/div><\/div><\/div>\n<\/div>\n<\/div>\n<div class=\"tx-row  tx-fwidth\" style=\"\"><div class=\"tx-fw-inner\" style=\"background-color: #f69e05; background-attachment: fixed; background-size: cover; \"><div class=\"tx-fw-overlay\" style=\"padding-bottom:15px; padding-top:15px; background-color: rgba(0,0,0,0.1);\"><div class=\"tx-fw-content\"><span style=\"color: #ffffff;\"><strong>GPS<br \/>\n<\/strong><\/span>38\u00b038&#8217;16.9&#8243;N 0\u00b000&#8217;32.8&#8243;E<br \/>\n38.638017, 0.009118<\/div><\/div><\/div><\/div>\n<p><iframe loading=\"lazy\" style=\"border: 0;\" src=\"https:\/\/www.google.com\/maps\/embed?pb=!1m18!1m12!1m3!1d3116.4719274849253!2d0.006922415681618602!3d38.63802777961138!2m3!1f0!2f0!3f0!3m2!1i1024!2i768!4f13.1!3m3!1m2!1s0x0%3A0x0!2zMzjCsDM4JzE2LjkiTiAwwrAwMCczMi44IkU!5e0!3m2!1ses!2ses!4v1554146445750!5m2!1ses!2ses\" width=\"1500\" height=\"500\" frameborder=\"0\" allowfullscreen=\"allowfullscreen\"><\/iframe><\/p>\n<h3><div class=\"tx-row  tx-fwidth\" style=\"\"><div class=\"tx-fw-inner\" style=\"background-color: #f69e05; background-attachment: fixed; background-size: cover; \"><div class=\"tx-fw-overlay\" style=\"padding-bottom:15px; padding-top:15px; background-color: rgba(0,0,0,0.1);\"><div class=\"tx-fw-content\"> Para Saber M\u00e1s <\/div><\/div><\/div><\/div><\/h3>\n<p>&nbsp;<\/p>\n<p><a href=\"https:\/\/es.wikipedia.org\/wiki\/Torre_del_Rey_(Oropesa)\"><img decoding=\"async\" loading=\"lazy\" class=\"wp-image-2015 alignnone\" src=\"http:\/\/www.vigiasdelmediterraneo.com\/vdm\/wp-content\/uploads\/2019\/03\/IconoWEB.png\" alt=\"\" width=\"70\" height=\"70\" \/><\/a><a href=\"http:\/\/guiacastillosalicante.blogspot.com\/2014\/02\/castillo-de-mascarat-calpe-alicante-ca.html\"><span style=\"color: #f69e05;\">\u00a0 Torre del Mascarat <\/span><\/a><br \/>\n<a href=\"https:\/\/es.wikipedia.org\/wiki\/Torre_del_Rey_(Oropesa)\"><img decoding=\"async\" loading=\"lazy\" class=\"wp-image-2015 alignnone\" src=\"http:\/\/www.vigiasdelmediterraneo.com\/vdm\/wp-content\/uploads\/2019\/03\/IconoWEB.png\" alt=\"\" width=\"70\" height=\"70\" \/><\/a><a href=\"https:\/\/es.wikipedia.org\/wiki\/Castillo_del_Mascarat\">\u00a0 <span style=\"color: #f69e05;\">Torre del Mascarat <\/span><\/a><br \/>\n<a href=\"https:\/\/es.wikipedia.org\/wiki\/Torre_del_Rey_(Oropesa)\"><img decoding=\"async\" loading=\"lazy\" class=\"wp-image-2015 alignnone\" src=\"http:\/\/www.vigiasdelmediterraneo.com\/vdm\/wp-content\/uploads\/2019\/03\/IconoWEB.png\" alt=\"\" width=\"70\" height=\"70\" \/><\/a><a href=\"http:\/\/www.castillosnet.org\/espana\/informacion.php?ref=A-CAS-188\">\u00a0<span style=\"color: #f69e05;\"> Torre del Mascarat <\/span><\/a><\/p>\n<p>&nbsp;<\/p>\n<p>&nbsp;<\/p>\n<div class=\"tx-row tx-fullwidthrow tx-fwidth\" style=\"\"><div class=\"tx-fw-inner\" style=\"background-color: ; height: 300px; background-image: url(http:\/\/www.vigiasdelmediterraneo.com\/vdm\/wp-content\/uploads\/2019\/04\/Calp.jpg); background-attachment: scroll; background-size: cover; \"><div class=\"tx-fw-overlay\" style=\"padding-bottom:32px; padding-top:32px; background-color: rgba(0,0,0,0.1);\"><div class=\"tx-fw-content\"><\/div><\/div><\/div><\/div>\n<p>&nbsp;<\/p>\n<p style=\"text-align: left;\"><div class=\"tx-row \">\n<div class=\"tx-column tx-column-size-1-4\"><a href=\"http:\/\/www.calpe.es\/\" target=\"_blank\" rel=\"noopener\"><img decoding=\"async\" loading=\"lazy\" class=\"aligncenter wp-image-2860\" src=\"http:\/\/www.vigiasdelmediterraneo.com\/vdm\/wp-content\/uploads\/2019\/04\/Enlaces-ICON-150x150.jpg\" alt=\"\" width=\"200\" height=\"200\" srcset=\"http:\/\/www.vigiasdelmediterraneo.com\/vdm\/wp-content\/uploads\/2019\/04\/Enlaces-ICON-150x150.jpg 150w, http:\/\/www.vigiasdelmediterraneo.com\/vdm\/wp-content\/uploads\/2019\/04\/Enlaces-ICON.jpg 300w\" sizes=\"(max-width: 200px) 100vw, 200px\" \/><\/a><\/div>\n<div class=\"tx-column tx-column-size-1-4\"><a href=\"http:\/\/www.calpe.es\/ver\/153\/historia.html\" target=\"_blank\" rel=\"noopener\"><img decoding=\"async\" loading=\"lazy\" class=\"aligncenter wp-image-2863\" src=\"http:\/\/www.vigiasdelmediterraneo.com\/vdm\/wp-content\/uploads\/2019\/04\/Historia-ICON-150x150.jpg\" alt=\"\" width=\"200\" height=\"200\" srcset=\"http:\/\/www.vigiasdelmediterraneo.com\/vdm\/wp-content\/uploads\/2019\/04\/Historia-ICON-150x150.jpg 150w, http:\/\/www.vigiasdelmediterraneo.com\/vdm\/wp-content\/uploads\/2019\/04\/Historia-ICON.jpg 300w\" sizes=\"(max-width: 200px) 100vw, 200px\" \/><\/a><\/div>\n<div class=\"tx-column tx-column-size-1-4\"><a href=\"http:\/\/www.calpe.es\/ver\/2034\/fiestas-.html\" target=\"_blank\" rel=\"noopener\"><img decoding=\"async\" loading=\"lazy\" class=\"aligncenter wp-image-2861\" src=\"http:\/\/www.vigiasdelmediterraneo.com\/vdm\/wp-content\/uploads\/2019\/04\/Fiestas-ICON-150x150.jpg\" alt=\"\" width=\"200\" height=\"200\" srcset=\"http:\/\/www.vigiasdelmediterraneo.com\/vdm\/wp-content\/uploads\/2019\/04\/Fiestas-ICON-150x150.jpg 150w, http:\/\/www.vigiasdelmediterraneo.com\/vdm\/wp-content\/uploads\/2019\/04\/Fiestas-ICON.jpg 300w\" sizes=\"(max-width: 200px) 100vw, 200px\" \/><\/a><\/div>\n<div class=\"tx-column tx-column-size-1-4\"><a href=\"http:\/\/www.calpe.es\/ver\/1988\/gastronomia.html\" target=\"_blank\" rel=\"noopener\"><img decoding=\"async\" loading=\"lazy\" class=\"aligncenter wp-image-2862\" src=\"http:\/\/www.vigiasdelmediterraneo.com\/vdm\/wp-content\/uploads\/2019\/04\/Gastro-ICON-150x150.jpg\" alt=\"\" width=\"200\" height=\"200\" srcset=\"http:\/\/www.vigiasdelmediterraneo.com\/vdm\/wp-content\/uploads\/2019\/04\/Gastro-ICON-150x150.jpg 150w, http:\/\/www.vigiasdelmediterraneo.com\/vdm\/wp-content\/uploads\/2019\/04\/Gastro-ICON.jpg 300w\" sizes=\"(max-width: 200px) 100vw, 200px\" \/><\/a><\/div>\n<\/div>\n<p>&nbsp;<\/p>\n<p><!-- TEXTO OCULTO --><\/p>\n<p>&nbsp;<\/p>\n","protected":false},"excerpt":{"rendered":"<p>&nbsp; Situada sobre un escarpado acantilado, a 232 metros sobre el nivel del mar, en la estribaci\u00f3n norte de la Sierra de B\u00e8rnia. Domina la costa de Calpe y el camino que,<a class=\"moretag\" href=\"http:\/\/www.vigiasdelmediterraneo.com\/vdm\/torres\/torre-del-mascarat\/\">Read More&#8230;<\/a><\/p>\n","protected":false},"author":1,"featured_media":0,"parent":73,"menu_order":0,"comment_status":"closed","ping_status":"closed","template":"","meta":{"footnotes":""},"categories":[6],"tags":[122],"_links":{"self":[{"href":"http:\/\/www.vigiasdelmediterraneo.com\/vdm\/wp-json\/wp\/v2\/pages\/3295"}],"collection":[{"href":"http:\/\/www.vigiasdelmediterraneo.com\/vdm\/wp-json\/wp\/v2\/pages"}],"about":[{"href":"http:\/\/www.vigiasdelmediterraneo.com\/vdm\/wp-json\/wp\/v2\/types\/page"}],"author":[{"embeddable":true,"href":"http:\/\/www.vigiasdelmediterraneo.com\/vdm\/wp-json\/wp\/v2\/users\/1"}],"replies":[{"embeddable":true,"href":"http:\/\/www.vigiasdelmediterraneo.com\/vdm\/wp-json\/wp\/v2\/comments?post=3295"}],"version-history":[{"count":5,"href":"http:\/\/www.vigiasdelmediterraneo.com\/vdm\/wp-json\/wp\/v2\/pages\/3295\/revisions"}],"predecessor-version":[{"id":3300,"href":"http:\/\/www.vigiasdelmediterraneo.com\/vdm\/wp-json\/wp\/v2\/pages\/3295\/revisions\/3300"}],"up":[{"embeddable":true,"href":"http:\/\/www.vigiasdelmediterraneo.com\/vdm\/wp-json\/wp\/v2\/pages\/73"}],"wp:attachment":[{"href":"http:\/\/www.vigiasdelmediterraneo.com\/vdm\/wp-json\/wp\/v2\/media?parent=3295"}],"wp:term":[{"taxonomy":"category","embeddable":true,"href":"http:\/\/www.vigiasdelmediterraneo.com\/vdm\/wp-json\/wp\/v2\/categories?post=3295"},{"taxonomy":"post_tag","embeddable":true,"href":"http:\/\/www.vigiasdelmediterraneo.com\/vdm\/wp-json\/wp\/v2\/tags?post=3295"}],"curies":[{"name":"wp","href":"https:\/\/api.w.org\/{rel}","templated":true}]}}